{"id":2652,"date":"2023-06-08T16:04:17","date_gmt":"2023-06-08T16:04:17","guid":{"rendered":"https:\/\/drcatalinmanole.ro\/?page_id=2652"},"modified":"2025-05-21T09:51:19","modified_gmt":"2025-05-21T06:51:19","slug":"aparitii-media","status":"publish","type":"page","link":"https:\/\/drcatalinmanole.ro\/en\/aparitii-media\/","title":{"rendered":"Media Appearances"},"content":{"rendered":"<div class=\"wpb-content-wrapper\"><div data-vc-full-width=\"true\" data-vc-full-width-init=\"false\" class=\"tt-shortcode_vc_row 8 vc_row wpb_row vc_row-fluid vc_custom_1686268760211\"><div class=\"wpb_column vc_column_container vc_col-sm-3\"><div class=\"tt-shortcode_vc_clmn vc_column-inner\"><div class=\"wpb_wrapper\"><\/div><\/div><\/div><div class=\"wpb_column vc_column_container vc_col-sm-6\"><div class=\"tt-shortcode_vc_clmn vc_column-inner\"><div class=\"wpb_wrapper\"><div class=\"vc_empty_space\"   style=\"height: 10px\"><span class=\"vc_empty_space_inner\"><\/span><\/div>\n\t<div class=\"wpb_text_column wpb_content_element\" >\n\t\t<div class=\"tt_shortcode_vc_column_text wpb_wrapper\">\n\t\t\t<p>Maraton Medika TV: <strong>Inova\u021bie \u00een estetic\u0103. Momentul potrivit pentru consultul dermatologic<\/strong> (27.03.2024)<br \/>\n<em>(<a href=\"https:\/\/www.medikatv.ro\/maraton-medika-tv-inovatie-in-estetica-momentul-potrivit-pentru-consultul-dermatologic\/\" target=\"_blank\" rel=\"noopener\">https:\/\/www.medikatv.ro\/maraton-medika-tv-inovatie-in-estetica-momentul-potrivit-pentru-consultul-dermatologic\/<\/a>)<\/em><\/p>\n\n\t\t<\/div>\n\t<\/div>\n<div class=\"vc_empty_space\"   style=\"height: 4px\"><span class=\"vc_empty_space_inner\"><\/span><\/div>\n\t<div class=\"wpb_text_column wpb_content_element\" >\n\t\t<div class=\"tt_shortcode_vc_column_text wpb_wrapper\">\n\t\t\t<p>news.ro: <strong>Medic dermatolog: De obicei, momentul vacan\u0163ei, al expunerii la soare treze\u015fte un oarecare soi de con\u015ftiin\u0163\u0103, \u00een special referitoare la aluni\u0163e \/ \u00cen ce const\u0103 consultul dermatologic complet.<\/strong> (26.03.2024)<br \/>\n<em>(<a href=\"https:\/\/www.news.ro\/social\/medic-dermatolog-de-obicei-momentul-vacantei-al-expunerii-la-soare-trezeste-un-oarecare-soi-de-constiinta-in-special-referitoare-la-alunite-in-ce-consta-consultul-dermatologic-complet-1922402626002024031721536783\" target=\"_blank\" rel=\"noopener\">https:\/\/www.news.ro\/social\/medic-dermatolog-de-obicei-momentul-vacantei-al-expunerii-la-soare-trezeste-un-oarecare-soi-de-constiinta-in-special-referitoare-la-alunite-in-ce-consta-consultul-dermatologic-complet-1922402626002024031721536783<\/a>)<\/em><\/p>\n\n\t\t<\/div>\n\t<\/div>\n<div class=\"vc_empty_space\"   style=\"height: 4px\"><span class=\"vc_empty_space_inner\"><\/span><\/div>\n\t<div class=\"wpb_text_column wpb_content_element\" >\n\t\t<div class=\"tt_shortcode_vc_column_text wpb_wrapper\">\n\t\t\t<p>clicksanatate.ro: <strong>Ai folosit gre\u015fit p\u00e2n\u0103 acum crema de protec\u0163ie solar\u0103?<\/strong> (2024)<br \/>\n<em>(<a href=\"https:\/\/clicksanatate.ro\/stil-de-viata\/ai-folosit-gresit-pana-acum-crema-de-protectie-2283579.html\" target=\"_blank\" rel=\"noopener\">https:\/\/clicksanatate.ro\/stil-de-viata\/ai-folosit-gresit-pana-acum-crema-de-protectie-2283579.html<\/a>)<\/em><\/p>\n\n\t\t<\/div>\n\t<\/div>\n<div class=\"vc_empty_space\"   style=\"height: 4px\"><span class=\"vc_empty_space_inner\"><\/span><\/div>\n\t<div class=\"wpb_text_column wpb_content_element\" >\n\t\t<div class=\"tt_shortcode_vc_column_text wpb_wrapper\">\n\t\t\t<p>kfetele.ro: <strong>Metode prin care po\u021bi r\u0103m\u00e2ne t\u00e2n\u0103r\u0103 f\u0103r\u0103 interven\u021bii estetice.<\/strong> (06.12.2022)<br \/>\n<em>(<a href=\"https:\/\/www.kfetele.ro\/metode-prin-care-poti-ramane-tanara-fara-interventii-estetice-20273589\" target=\"_blank\" rel=\"noopener\">https:\/\/www.kfetele.ro\/metode-prin-care-poti-ramane-tanara-fara-interventii-estetice-20273589<\/a>)<\/em><\/p>\n\n\t\t<\/div>\n\t<\/div>\n<div class=\"vc_empty_space\"   style=\"height: 4px\"><span class=\"vc_empty_space_inner\"><\/span><\/div>\n\t<div class=\"wpb_text_column wpb_content_element\" >\n\t\t<div class=\"tt_shortcode_vc_column_text wpb_wrapper\">\n\t\t\t<p>Teo Show|Kanal D: <strong>Metode prin care po\u021bi r\u0103m\u00e2ne t\u00e2n\u0103r\u0103 f\u0103r\u0103 interven\u021bii estetice.<\/strong> (06.12.2022)<br \/>\n<em>(<a href=\"https:\/\/www.youtube.com\/watch?v=TEE0TuNCimo\" target=\"_blank\" rel=\"noopener\">https:\/\/www.youtube.com\/watch?v=TEE0TuNCimo<\/a>)<\/em><\/p>\n\n\t\t<\/div>\n\t<\/div>\n<div class=\"vc_empty_space\"   style=\"height: 4px\"><span class=\"vc_empty_space_inner\"><\/span><\/div>\n\t<div class=\"wpb_text_column wpb_content_element\" >\n\t\t<div class=\"tt_shortcode_vc_column_text wpb_wrapper\">\n\t\t\t<p>dcmedical.ro: <strong>De ce e bine s\u0103 folosim o crem\u0103 cu SPF ceva mai mic<\/strong> (17.08.2020)<br \/>\n<em>(<a href=\"https:\/\/www.dcmedical.ro\/dr-catalin-manole-de-ce-e-bine-sa-folosim-o-crema-cu-spf-mai-mic_619892.html\" target=\"_blank\" rel=\"noopener\">https:\/\/www.dcmedical.ro\/dr-catalin-manole-de-ce-e-bine-sa-folosim-o-crema-cu-spf-mai-mic_619892.html<\/a>)<\/em><\/p>\n\n\t\t<\/div>\n\t<\/div>\n<div class=\"vc_empty_space\"   style=\"height: 4px\"><span class=\"vc_empty_space_inner\"><\/span><\/div>\n\t<div class=\"wpb_text_column wpb_content_element\" >\n\t\t<div class=\"tt_shortcode_vc_column_text wpb_wrapper\">\n\t\t\t<p>DCMedical: <strong>Melanina, cum te protejeaz\u0103 de radia\u021biile ultraviolete: explica\u021biile dr. C\u0103t\u0103lin Manole<\/strong> (16.08.2020)<br \/>\n<em>(<a href=\"https:\/\/www.dcmedical.ro\/melatonina-cum-te-protejeaza-e-radia-iile-ultraviolete-explica-iile-dr-catalin-manole_619890.html\" target=\"_blank\" rel=\"noopener\">https:\/\/www.dcmedical.ro\/melatonina-cum-te-protejeaza-e-radia-iile-ultraviolete-explica-iile-dr-catalin-manole_619890.html<\/a>)<\/em><\/p>\n\n\t\t<\/div>\n\t<\/div>\n<div class=\"vc_empty_space\"   style=\"height: 4px\"><span class=\"vc_empty_space_inner\"><\/span><\/div>\n\t<div class=\"wpb_text_column wpb_content_element\" >\n\t\t<div class=\"tt_shortcode_vc_column_text wpb_wrapper\">\n\t\t\t<p>dcnews.ro: <strong>Riscurile la care ne expunem \u00een sezonul cald: soare, insecte, c\u0103pu\u0219e.<\/strong> (14.08.2020)<br \/>\n<em>(<a href=\"https:\/\/www.dcnews.ro\/adriela-morar-vara-de-aventura-si-pericole-confesiuni-la-interviurile-dc-news-si-dc-medical_765277.html\" target=\"_blank\" rel=\"noopener\">https:\/\/www.dcnews.ro\/adriela-morar-vara-de-aventura-si-pericole-confesiuni-la-interviurile-dc-news-si-dc-medical_765277.html<\/a>)<\/em><\/p>\n\n\t\t<\/div>\n\t<\/div>\n<div class=\"vc_empty_space\"   style=\"height: 4px\"><span class=\"vc_empty_space_inner\"><\/span><\/div>\n\t<div class=\"wpb_text_column wpb_content_element\" >\n\t\t<div class=\"tt_shortcode_vc_column_text wpb_wrapper\">\n\t\t\t<p>evz.ro: <strong>Ce trebuie s\u0103 \u0219tii despre mu\u0219c\u0103tura de c\u0103pu\u0219\u0103 \u0219i pericolele ei. Sfaturile expertului.<\/strong> (06.07.2020)<br \/>\n<em>(<a href=\"https:\/\/evz.ro\/ce-trebuie-sa-stii-despre-muscatura-de-capusa-si-pericolele-ei-sfaturile-expertului.html\" target=\"_blank\" rel=\"noopener\">https:\/\/evz.ro\/ce-trebuie-sa-stii-despre-muscatura-de-capusa-si-pericolele-ei-sfaturile-expertului.html<\/a>)<\/em><\/p>\n\n\t\t<\/div>\n\t<\/div>\n<div class=\"vc_empty_space\"   style=\"height: 4px\"><span class=\"vc_empty_space_inner\"><\/span><\/div>\n\t<div class=\"wpb_text_column wpb_content_element\" >\n\t\t<div class=\"tt_shortcode_vc_column_text wpb_wrapper\">\n\t\t\t<p>descoper\u0103.ro: <strong>Terapia cu celule stem, o afacere de peste 7.000.000.000 de dolari&#8230;<\/strong> (09.07.2014)<br \/>\n<em>(<a href=\"https:\/\/www.descopera.ro\/dnews\/12914174-academician-roman-terapia-cu-celule-stem-o-afacere-de-7000000000-de-dolari-dar-nu-exista-niciun-vindecat\" target=\"_blank\" rel=\"noopener\">https:\/\/www.descopera.ro\/dnews\/12914174-academician-roman-terapia-cu-celule-stem-o-afacere-de-7000000000-de-dolari-dar-nu-exista-niciun-vindecat<\/a>)<\/em><\/p>\n\n\t\t<\/div>\n\t<\/div>\n<div class=\"vc_empty_space\"   style=\"height: 4px\"><span class=\"vc_empty_space_inner\"><\/span><\/div>\n\t<div class=\"wpb_text_column wpb_content_element\" >\n\t\t<div class=\"tt_shortcode_vc_column_text wpb_wrapper\">\n\t\t\t<p>ziuaconstan\u021ba.ro: <strong>Nout\u0103\u021bi despre Telocite<\/strong> (08.07.2014)<br \/>\n<em>(<a href=\"https:\/\/www.ziuaconstanta.ro\/informatii\/sanatate-comunicate\/comunicat-de-presa-noutati-despre-telocite-501747.html\" target=\"_blank\" rel=\"noopener\">https:\/\/www.ziuaconstanta.ro\/informatii\/sanatate-comunicate\/comunicat-de-presa-noutati-despre-telocite-501747.html<\/a>)<\/em><\/p>\n\n\t\t<\/div>\n\t<\/div>\n<div class=\"vc_empty_space\"   style=\"height: 4px\"><span class=\"vc_empty_space_inner\"><\/span><\/div>\n\t<div class=\"wpb_text_column wpb_content_element\" >\n\t\t<div class=\"tt_shortcode_vc_column_text wpb_wrapper\">\n\t\t\t<p>\u0219tirileprotv.ro: <strong>Rezultate entuziasmante dup\u0103 investi\u021biile de milioane de euro de la Victor Babe\u0219. Celulele minune care pot regenera organe.<\/strong> (13.05.2014)<br \/>\n<em>(<a href=\"https:\/\/stirileprotv.ro\/stiri\/sanatate\/telocitele-pot-regenera-ficatul-si-valvele-cardiace-celulele-minune-descoperite-de-romani-ar-putea-repara-20-de-organe.html\" target=\"_blank\" rel=\"noopener\">https:\/\/stirileprotv.ro\/stiri\/sanatate\/telocitele-pot-regenera-ficatul-si-valvele-cardiace-celulele-minune-descoperite-de-romani-ar-putea-repara-20-de-organe.html<\/a>)<\/em><\/p>\n\n\t\t<\/div>\n\t<\/div>\n<div class=\"vc_empty_space\"   style=\"height: 4px\"><span class=\"vc_empty_space_inner\"><\/span><\/div>\n\t<div class=\"wpb_text_column wpb_content_element\" >\n\t\t<div class=\"tt_shortcode_vc_column_text wpb_wrapper\">\n\t\t\t<p>\u0219tirileprotv.ro: <strong>Cercet\u0103torii rom\u00e2ni au facut primele transplanturi de telocite la animale. Ce spun medicii?<\/strong> (05.04.2013)<br \/>\n<em>(<a href=\"https:\/\/stirileprotv.ro\/stiri\/sanatate\/cercetatorii-romani-au-facut-primele-transplanturi-de-telocite-la-animale-ce-spun-medicii.html\" target=\"_blank\" rel=\"noopener\">https:\/\/stirileprotv.ro\/stiri\/sanatate\/cercetatorii-romani-au-facut-primele-transplanturi-de-telocite-la-animale-ce-spun-medicii.html<\/a>)<\/em><\/p>\n\n\t\t<\/div>\n\t<\/div>\n<div class=\"vc_empty_space\"   style=\"height: 4px\"><span class=\"vc_empty_space_inner\"><\/span><\/div>\n\t<div class=\"wpb_text_column wpb_content_element\" >\n\t\t<div class=\"tt_shortcode_vc_column_text wpb_wrapper\">\n\t\t\t<p>evz.ro: <strong>Efectele purt\u0103rii m\u0103\u0219tii de protec\u021bie asupra pielii. Explica\u021biile dermatologului.<\/strong> (20.06.2020)<br \/>\n<em>(<a href=\"https:\/\/evz.ro\/efectele-purtarii-mastii-de-protectie-asupra-pielii-explicatiile-dermatologului.html\" target=\"_blank\" rel=\"noopener\">https:\/\/evz.ro\/efectele-purtarii-mastii-de-protectie-asupra-pielii-explicatiile-dermatologului.html<\/a>)<\/em><\/p>\n\n\t\t<\/div>\n\t<\/div>\n<div class=\"vc_empty_space\"   style=\"height: 4px\"><span class=\"vc_empty_space_inner\"><\/span><\/div>\n\t<div class=\"wpb_text_column wpb_content_element\" >\n\t\t<div class=\"tt_shortcode_vc_column_text wpb_wrapper\">\n\t\t\t<p>acasainromania.ro: <strong>Am solicitat \u0219i p\u0103rerea unui medic dermatolog, pentru a afla cum v\u0103d speciali\u0219tii acest tip de afec\u021biune.<\/strong><br \/>\n<em>(<a href=\"https:\/\/acasainromania.ro\/29702\/\" target=\"_blank\" rel=\"noopener\">https:\/\/acasainromania.ro\/29702\/<\/a>)<\/em><\/p>\n\n\t\t<\/div>\n\t<\/div>\n<div class=\"vc_empty_space\"   style=\"height: 4px\"><span class=\"vc_empty_space_inner\"><\/span><\/div>\n\t<div class=\"wpb_text_column wpb_content_element\" >\n\t\t<div class=\"tt_shortcode_vc_column_text wpb_wrapper\">\n\t\t\t<p>Atelier de s\u0103n\u0103tate: <strong>Frontierele medicinei: Crioterapia \u00een tratamentul negilor<\/strong><br \/>\n<em>(<a href=\"https:\/\/www.facebook.com\/watch\/?v=1259393464815832&amp;extid=NS-UNK-UNK-UNK-AN_GK0T-GK1C&amp;mibextid=2Rb1fB&amp;ref=sharing\" target=\"_blank\" rel=\"noopener\">https:\/\/www.facebook.com\/watch\/?v=1259393464815832&amp;extid=NS-UNK-UNK-UNK-AN_GK0T-GK1C&amp;mibextid=2Rb1fB&amp;ref=sharing<\/a>)<\/em><\/p>\n\n\t\t<\/div>\n\t<\/div>\n<div class=\"vc_empty_space\"   style=\"height: 4px\"><span class=\"vc_empty_space_inner\"><\/span><\/div>\n\t<div class=\"wpb_text_column wpb_content_element\" >\n\t\t<div class=\"tt_shortcode_vc_column_text wpb_wrapper\">\n\t\t\t<p>\u0219tirileprotv.ro: <strong>&#8222;Rom\u00e2nia, te iubesc&#8221;: descoperiri epocale, care vor revolu\u021biona medicina, ignorate de autorit\u0103\u021bi<\/strong> (26.03.2012)<br \/>\n<em>(<a href=\"https:\/\/stirileprotv.ro\/emisiuni\/romania-te-iubesc\/romania-te-iubesc-descoperiri-epocale-care-vor-revolutiona-medicina-ignorate-de-autoritati.html\" target=\"_blank\" rel=\"noopener\">https:\/\/stirileprotv.ro\/emisiuni\/romania-te-iubesc\/romania-te-iubesc-descoperiri-epocale-care-vor-revolutiona-medicina-ignorate-de-autoritati.html<\/a>)<\/em><\/p>\n\n\t\t<\/div>\n\t<\/div>\n<div class=\"vc_empty_space\"   style=\"height: 50px\"><span class=\"vc_empty_space_inner\"><\/span><\/div><\/div><\/div><\/div><div class=\"wpb_column vc_column_container vc_col-sm-3\"><div class=\"tt-shortcode_vc_clmn vc_column-inner\"><div class=\"wpb_wrapper\"><\/div><\/div><\/div><\/div><div class=\"vc_row-full-width vc_clearfix\"><\/div><div class=\"tt-shortcode_vc_row 8 vc_row wpb_row vc_row-fluid\"><div class=\"wpb_column vc_column_container vc_col-sm-12\"><div class=\"tt-shortcode_vc_clmn vc_column-inner\"><div class=\"wpb_wrapper\">\n\t<div class=\"wpb_text_column wpb_content_element\" >\n\t\t<div class=\"tt_shortcode_vc_column_text wpb_wrapper\">\n\t\t\t\n\t\t<\/div>\n\t<\/div>\n<\/div><\/div><\/div><\/div>\n<\/div>","protected":false},"excerpt":{"rendered":"Maraton Medika TV: Inova\u021bie \u00een estetic\u0103. Momentul potrivit pentru consultul dermatologic (27.03.2024) (https:\/\/www.medikatv.ro\/maraton-medika-tv-inovatie-in-estetica-momentul-potrivit-pentru-consultul-dermatologic\/) news.ro: Medic dermatolog: De obicei, momentul vacan\u0163ei, al expunerii la soare treze\u015fte un oarecare soi de con\u015ftiin\u0163\u0103, \u00een special referitoare la aluni\u0163e \/ \u00cen ce const\u0103 consultul dermatologic complet. (26.03.2024) (https:\/\/www.news.ro\/social\/medic-dermatolog-de-obicei-momentul-vacantei-al-expunerii-la-soare-trezeste-un-oarecare-soi-de-constiinta-in-special-referitoare-la-alunite-in-ce-consta-consultul-dermatologic-complet-1922402626002024031721536783) clicksanatate.ro: Ai folosit gre\u015fit p\u00e2n\u0103 acum crema de protec\u0163ie solar\u0103? (2024) <div class=\"btn-more-wrapper\"><a href=\"https:\/\/drcatalinmanole.ro\/en\/aparitii-media\/\" class=\"btn btn-sm btn-hover-fill\"><svg class=\"icon icon-right-arrow\" version=\"1.1\" xmlns=\"http:\/\/www.w3.org\/2000\/svg\" width=\"32\" height=\"32\" viewbox=\"0 0 32 32\"><path d=\"M21.548 5.088c-0.436-0.451-1.162-0.451-1.613 0-0.436 0.436-0.436 1.162 0 1.596l8.177 8.177h-26.984c-0.629 0.001-1.129 0.501-1.129 1.13s0.5 1.145 1.129 1.145h26.984l-8.177 8.162c-0.436 0.451-0.436 1.178 0 1.613 0.451 0.451 1.178 0.451 1.613 0l10.113-10.113c0.451-0.436 0.451-1.162 0-1.596l-10.113-10.114z\"><\/path><\/svg>Read More<span class=\"screen-reader-text\"> \"Apari\u021bii media\"<\/span><svg class=\"icon icon-right-arrow\" version=\"1.1\" xmlns=\"http:\/\/www.w3.org\/2000\/svg\" width=\"32\" height=\"32\" viewbox=\"0 0 32 32\"><path d=\"M21.548 5.088c-0.436-0.451-1.162-0.451-1.613 0-0.436 0.436-0.436 1.162 0 1.596l8.177 8.177h-26.984c-0.629 0.001-1.129 0.501-1.129 1.13s0.5 1.145 1.129 1.145h26.984l-8.177 8.162c-0.436 0.451-0.436 1.178 0 1.613 0.451 0.451 1.178 0.451 1.613 0l10.113-10.113c0.451-0.436 0.451-1.162 0-1.596l-10.113-10.114z\"><\/path><\/svg><\/a><\/div>","protected":false},"author":1,"featured_media":0,"parent":0,"menu_order":0,"comment_status":"closed","ping_status":"closed","template":"custompagett.php","meta":{"footnotes":""},"class_list":["post-2652","page","type-page","status-publish","hentry"],"_links":{"self":[{"href":"https:\/\/drcatalinmanole.ro\/en\/wp-json\/wp\/v2\/pages\/2652","targetHints":{"allow":["GET"]}}],"collection":[{"href":"https:\/\/drcatalinmanole.ro\/en\/wp-json\/wp\/v2\/pages"}],"about":[{"href":"https:\/\/drcatalinmanole.ro\/en\/wp-json\/wp\/v2\/types\/page"}],"author":[{"embeddable":true,"href":"https:\/\/drcatalinmanole.ro\/en\/wp-json\/wp\/v2\/users\/1"}],"replies":[{"embeddable":true,"href":"https:\/\/drcatalinmanole.ro\/en\/wp-json\/wp\/v2\/comments?post=2652"}],"version-history":[{"count":57,"href":"https:\/\/drcatalinmanole.ro\/en\/wp-json\/wp\/v2\/pages\/2652\/revisions"}],"predecessor-version":[{"id":2892,"href":"https:\/\/drcatalinmanole.ro\/en\/wp-json\/wp\/v2\/pages\/2652\/revisions\/2892"}],"wp:attachment":[{"href":"https:\/\/drcatalinmanole.ro\/en\/wp-json\/wp\/v2\/media?parent=2652"}],"curies":[{"name":"wp","href":"https:\/\/api.w.org\/{rel}","templated":true}]}}